{"id":2602,"date":"2016-07-15T16:33:48","date_gmt":"2016-07-15T16:33:48","guid":{"rendered":"https:\/\/www.rodrigoleao.pt\/clipping\/?lang=en"},"modified":"2017-01-12T13:42:51","modified_gmt":"2017-01-12T12:42:51","slug":"clipping","status":"publish","type":"page","link":"https:\/\/www.rodrigoleao.pt\/en\/clipping\/","title":{"rendered":"Clipping"},"content":{"rendered":"<p>[vc_row][vc_column][vc_column_text]<\/p>\n<p style=\"text-align: center;\"><a href=\"https:\/\/www.rodrigoleao.pt\/wp-content\/uploads\/2009\/11\/BRIGITTE-Magazine.jpg\">4 de Janeiro de 2017 &#8211; <em>Brigitte Magazine<\/em> &#8211;\u00a0&#8220;Life Is Long&#8221; review<\/a><\/p>\n<p>[\/vc_column_text][vc_separator][vc_column_text]<\/p>\n<p style=\"text-align: center;\"><a href=\"https:\/\/www.rodrigoleao.pt\/wp-content\/uploads\/2009\/11\/Mojo-Magazine.jpg\">20 de Dezembro de 2016 &#8211; Mojo Magazine &#8211; &#8220;A masterclass in sad baroque&#8221;<\/a><\/p>\n<p>[\/vc_column_text][vc_separator][vc_column_text]<\/p>\n<p style=\"text-align: center;\"><a href=\"https:\/\/www.rodrigoleao.pt\/wp-content\/uploads\/2009\/11\/IMG_4249.jpg\">22 de Novembro de 2016 &#8211;<em> Uncut Magazine &#8211;\u00a0<\/em>&#8220;Suave chamber-pop ballads from transatlantic duo&#8221;<\/a><\/p>\n<p>[\/vc_column_text][vc_separator][vc_column_text]<\/p>\n<p style=\"text-align: center;\"><a href=\"https:\/\/www.rodrigoleao.pt\/wp-content\/uploads\/2009\/11\/mondo-sonoro.jpg\">Novembro de 2016\u00a0&#8211;<em> Mondo sonoro<\/em> &#8211; &#8220;Saudade&#8221;<\/a><\/p>\n<p>[\/vc_column_text][vc_separator][vc_column_text]<\/p>\n<p style=\"text-align: center;\"><a href=\"https:\/\/www.rodrigoleao.pt\/wp-content\/uploads\/2009\/11\/Stern_1711_Nr.47_Stern_Kultur1.pdf\">17 de Novembro de 2016 &#8211; <em>Stern Kultur<\/em> &#8211; &#8220;Life Is Long&#8221; review<\/a><\/p>\n<p>[\/vc_column_text][vc_separator][vc_column_text]<\/p>\n<p style=\"text-align: center;\"><a href=\"https:\/\/www.rodrigoleao.pt\/wp-content\/uploads\/2009\/11\/RodrigoLeao.pdf\">11 de Novembro de 2016 &#8211; <em>La R\u00e1zon<\/em> &#8211; &#8220;Le\u00e3o y Matthew, saudade internacional&#8221;<\/a><\/p>\n<p>[\/vc_column_text][vc_separator][vc_column_text]<\/p>\n<p style=\"text-align: center;\"><a href=\"https:\/\/www.rodrigoleao.pt\/wp-content\/uploads\/2016\/11\/BLITZ-\u2013-O-filme-pac\u00edfico-de-Rodrigo-Le\u00e3o-e-Scott-Matthew-no-Coliseu-de-Lisboa.pdf\">7 de Novembro de 2016 &#8211; <em>Blitz<\/em> &#8211; &#8220;O filme pac\u00edfico de Rodrigo Le\u00e3o &amp; Scott Matthew em Lisboa&#8221;<\/a><\/p>\n<p>[\/vc_column_text][vc_separator][vc_column_text]<\/p>\n<p style=\"text-align: center;\"><a href=\"https:\/\/www.rodrigoleao.pt\/wp-content\/uploads\/2016\/11\/Misty-Fest-\u00c9-a-vida-Rodrigo-Le\u00e3o-Scott-Matthew-DN-Artes.pdf\">7 de Novembro de 2016 &#8211;<em> DN Artes<\/em> &#8211; &#8220;\u00c9 a vida. A melancolia de Rodrigo Le\u00e3o e\u00a0Scott Matthew em palco&#8221;<\/a><\/p>\n<p>[\/vc_column_text][vc_separator][vc_column_text]<\/p>\n<p style=\"text-align: center;\"><a href=\"https:\/\/www.rodrigoleao.pt\/wp-content\/uploads\/2009\/11\/TIME-OUT.pdf\">2 de Novembro de 2016 &#8211; <em>Time Out Lisboa<\/em> &#8211; Review<\/a><\/p>\n<p>[\/vc_column_text][vc_separator][vc_column_text]<\/p>\n<p style=\"text-align: center;\"><a href=\"https:\/\/www.rodrigoleao.pt\/wp-content\/uploads\/2016\/11\/Expresso.pdf\">24 de Setembro de 2016 &#8211; <em>Expresso<\/em> &#8211; &#8220;A mesma ideia de beleza&#8221;<\/a><\/p>\n<p>[\/vc_column_text][vc_separator][vc_column_text]<\/p>\n<p style=\"text-align: center;\"><a href=\"https:\/\/www.rodrigoleao.pt\/wp-content\/uploads\/2013\/01\/ABC_Rodrigo-Leao_un-autor-libre.pdf\" target=\"_blank\">18 Mar\u00e7o de 2016 &#8211; <em>ABC<\/em> &#8211; &#8220;Rodrigo Le\u00e3o un autor libre&#8221;<\/a><\/p>\n<p>[\/vc_column_text][vc_separator][vc_column_text]<\/p>\n<p style=\"text-align: center;\"><a href=\"https:\/\/www.rodrigoleao.pt\/wp-content\/uploads\/2013\/01\/El-refugio-interior-de_Rodrigo-Leao_Cultura_EL-MUNDO.pdf\" target=\"_blank\">08 Mar\u00e7o de 2016 &#8211; <em>El Mundo<\/em> &#8211; &#8220;El refugio interior de Rodrigo Le\u00e3o&#8221;<\/a><\/p>\n<p>[\/vc_column_text][vc_separator][vc_column_text]<\/p>\n<p style=\"text-align: center;\"><a href=\"https:\/\/www.rodrigoleao.pt\/wp-content\/uploads\/2013\/01\/La-musica-para-imagenes-de_Rodrigo-Leao_Cultura.pdf\" target=\"_blank\">29 Fevereiro de 2016 &#8211; <em>Cultura<\/em> &#8211; &#8220;La m\u00fasica para im\u00e1genes de Rodrigo Le\u00e3o&#8221;<\/a><\/p>\n<p>[\/vc_column_text][vc_separator][vc_column_text]<\/p>\n<p style=\"text-align: center;\"><a href=\"https:\/\/www.rodrigoleao.pt\/wp-content\/uploads\/2013\/01\/Rodrigo-Leao_em-entrevista-exclusiva_relojoeiro-de-sons-Espiral-do-Tempo.pdf\" target=\"_blank\">17 Dezembro de 2015 &#8211; <em>Espiral do Tempo<\/em> &#8211; &#8220;Rodrigo Le\u00e3o em entrevista exclusiva: relojoeiro de sons<\/a><a href=\"#\">&#8220;<\/a><\/p>\n<p>[\/vc_column_text][vc_separator][vc_column_text]<\/p>\n<p style=\"text-align: center;\"><a href=\"https:\/\/www.rodrigoleao.pt\/wp-content\/uploads\/2013\/01\/timeout2.jpeg\" target=\"_blank\">18\u00a0Novembro de 2015 &#8211;\u00a0Time Out Lisboa &#8211; &#8220;O Retiro&#8221;<\/a><\/p>\n<p>[\/vc_column_text][vc_separator][vc_column_text]<\/p>\n<p style=\"text-align: center;\"><a href=\"https:\/\/www.rodrigoleao.pt\/wp-content\/uploads\/2013\/01\/timeout1.jpeg\" target=\"_blank\">18\u00a0Novembro de 2015 &#8211;\u00a0Time Out Lisboa &#8211; &#8220;Um m\u00fasico pop ao comando de uma orquestra&#8221;<\/a><\/p>\n<p>[\/vc_column_text][vc_separator][vc_column_text]<\/p>\n<p style=\"text-align: center;\"><a href=\"https:\/\/www.rodrigoleao.pt\/wp-content\/uploads\/2013\/01\/Para-melhor-esculpir-o-silencio-PUBLICO.pdf\" target=\"_blank\">29 Outubro de 2015 &#8211; <em>P\u00fablico<\/em> &#8211; &#8220;Para melhor esculpir o sil\u00eancio&#8221;<\/a><\/p>\n<p>[\/vc_column_text][vc_separator][vc_column_text]<\/p>\n<p style=\"text-align: center;\"><a href=\"https:\/\/www.rodrigoleao.pt\/wp-content\/uploads\/2013\/01\/BLITZ_Rodrigo-Leao-A-ideia-inicial-sempre-foi-a-de-fazer-um-disco-instrumental.pdf\" target=\"_blank\">26 Maio de 2015 &#8211; <em>Blitz<\/em> &#8211; &#8220;A ideia inicial sempre foi a de fazer um disco instrumental&#8221;<\/a><\/p>\n<p>[\/vc_column_text][vc_separator][vc_column_text]<\/p>\n<p style=\"text-align: center;\"><a href=\"https:\/\/www.rodrigoleao.pt\/wp-content\/uploads\/2013\/01\/Sabado_Rodrigo-Leao.pdf\" target=\"_blank\">26 Mar\u00e7o de 2015 &#8211; <em>S\u00e1bado<\/em> &#8211; &#8220;Cara a cara &#8211; Rodrigo Le\u00e3o&#8221;<\/a><\/p>\n<p>[\/vc_column_text][vc_separator][vc_column_text]<\/p>\n<p style=\"text-align: center;\"><a href=\"https:\/\/www.rodrigoleao.pt\/wp-content\/uploads\/2013\/01\/BLITZ_Rodrigo-Leao_galardoado-hoje-em-Los-Angeles.pdf\" target=\"_blank\">25 Junho\u00a0de 2014 &#8211; <em>Blitz<\/em> &#8211; &#8220;Galardoado hoje em Los Angeles&#8221;<\/a><\/p>\n<p>[\/vc_column_text][vc_separator][vc_column_text]<\/p>\n<p style=\"text-align: center;\"><a href=\"https:\/\/www.rodrigoleao.pt\/wp-content\/uploads\/2013\/01\/BLITZ_-Rodrigo-Leao_e-hoje-condecorado-com-a-Ordem-do-Infante-D-Henrique.pdf\" target=\"_blank\">10 Junho de 2014 &#8211; <em>Blitz<\/em> &#8211; &#8220;\u00c9 hoje condecorado com a Ordem do Infante D. Henrique&#8221;<\/a><\/p>\n<p>[\/vc_column_text][vc_separator][vc_column_text]<\/p>\n<p style=\"text-align: center;\"><a href=\"https:\/\/www.rodrigoleao.pt\/wp-content\/uploads\/2013\/01\/Rodrigo-Leao-entre-os-candidatos-a-nomeacao-para-os-oscares-_PUBLICO.pdf\">13 Dezembro de 2013 &#8211; <em>P\u00fablico<\/em> &#8211; &#8220;Rodrigo Le\u00e3o entre os candidatos \u00e0 nomea\u00e7\u00e3o para os \u00d3scares&#8221;<\/a><\/p>\n<p>[\/vc_column_text][vc_separator][vc_column_text]<\/p>\n<p style=\"text-align: center;\"><a href=\"https:\/\/www.rodrigoleao.pt\/wp-content\/uploads\/2013\/01\/RODRIGO-LEAO-AUDIO-REVIEW-July_Aug-2013.jpg\" target=\"_blank\">24 Setembro de 2013 &#8211; <em>Rock Pop<\/em> &#8211; &#8220;Rodrigo Le\u00e3o &#8211; Songs&#8221;<\/a><\/p>\n<p>[\/vc_column_text][vc_separator][vc_column_text]<\/p>\n<p style=\"text-align: center;\"><a href=\"https:\/\/www.rodrigoleao.pt\/wp-content\/uploads\/2013\/01\/jn_entrevista.pdf\" target=\"_blank\">04 Setembro de 2013 &#8211; <em>Jornal de Not\u00edcias<\/em> &#8211; &#8220;Rodrigo Le\u00e3o un autor libre&#8221;<\/a><\/p>\n<p>[\/vc_column_text][vc_separator][vc_column_text]<\/p>\n<p style=\"text-align: center;\"><a href=\"https:\/\/www.rodrigoleao.pt\/wp-content\/uploads\/2013\/01\/Correiodamanha.pdf\" target=\"_blank\">03 Agosto de 2013 &#8211;\u00a0Correio da Manha &#8211; &#8220;Entrada de Le\u00e3o em Hollywood&#8221;<\/a><\/p>\n<p>[\/vc_column_text][vc_separator][vc_column_text]<\/p>\n<p style=\"text-align: center;\"><a href=\"https:\/\/www.rodrigoleao.pt\/wp-content\/uploads\/2013\/01\/RODRIGO-LEAO-ROCKERILLA-July_Aug-2013.jpg\" target=\"_blank\">24 Julho de 2013 &#8211; <em>Rockerilla<\/em> &#8211; &#8220;Rodrigo Le\u00e3o &#8211; Songs&#8221;<\/a><\/p>\n<p>[\/vc_column_text][vc_separator][vc_column_text]<\/p>\n<p style=\"text-align: center;\"><a href=\"https:\/\/www.rodrigoleao.pt\/wp-content\/uploads\/2013\/01\/Rodrigo-Leao_Mania_Luistertrip_Ju-2013.jpg\" target=\"_blank\">18 Junho de 2013 &#8211; <em>Luister Trip<\/em> &#8211; &#8220;Rodrigo Le\u00e3o &#8211; Songs&#8221;<\/a><\/p>\n<p>[\/vc_column_text][vc_separator][vc_column_text]<\/p>\n<p style=\"text-align: center;\"><a href=\"https:\/\/www.rodrigoleao.pt\/wp-content\/uploads\/2013\/01\/ad-Rolling-Stone.pdf\" target=\"_blank\">12 Junho de 2013 &#8211; <em>Ad Rolling Stone<\/em><\/a><\/p>\n<p>[\/vc_column_text][vc_separator][vc_column_text]<\/p>\n<p style=\"text-align: center;\"><a href=\"https:\/\/www.rodrigoleao.pt\/wp-content\/uploads\/2013\/01\/RodrigoLeao_Publico.jpg\" target=\"_blank\">26 Novembro de 2012 &#8211; <em>P\u00fablico<\/em> &#8211; &#8220;O milagre das can\u00e7\u00f5es de Rodrigo Le\u00e3o nos Coliseus com Beth Gibbons&#8221;<\/a><\/p>\n<p>[\/vc_column_text][vc_separator][vc_column_text]<\/p>\n<p style=\"text-align: center;\"><a href=\"https:\/\/www.rodrigoleao.pt\/wp-content\/uploads\/2013\/01\/Rodrigo_Leao_17.pdf\" target=\"_blank\">15 Julho de 2012 &#8211; <em>Centro Esposizioni<\/em> &#8211; &#8220;Rodrigo Le\u00e3o Ricord d&#8217;infanzia&#8221;<\/a><\/p>\n<p>[\/vc_column_text][vc_separator][vc_column_text]<\/p>\n<p style=\"text-align: center;\"><a href=\"https:\/\/www.rodrigoleao.pt\/wp-content\/uploads\/2013\/01\/El_pais.pdf\" target=\"_blank\">18 Mar\u00e7o de 2012 &#8211;\u00a0El Pais &#8211; &#8220;Disco del d\u00eda: Rodrigo Le\u00e3o, &#8216;La Manta\u00f1a m\u00e1gica&#8221;<\/a><\/p>\n<p>[\/vc_column_text][vc_separator][\/vc_column][\/vc_row]<\/p>\n","protected":false},"excerpt":{"rendered":"<p>[vc_row][vc_column][vc_column_text] 4 de Janeiro de 2017 &#8211; Brigitte Magazine &#8211;\u00a0&#8220;Life Is Long&#8221; review [\/vc_column_text][vc_separator][vc_column_text] 20 de Dezembro de 2016 &#8211; Mojo Magazine &#8211; &#8220;A masterclass in sad baroque&#8221; [\/vc_column_text][vc_separator][vc_column_text] 22 de Novembro de 2016 &#8211; Uncut Magazine &#8211;\u00a0&#8220;Suave chamber-pop ballads from transatlantic duo&#8221; [\/vc_column_text][vc_separator][vc_column_text] Novembro de 2016\u00a0&#8211; Mondo sonoro &#8211; &#8220;Saudade&#8221; [\/vc_column_text][vc_separator][vc_column_text] 17 de Novembro [&hellip;]<\/p>\n","protected":false},"author":4,"featured_media":0,"parent":0,"menu_order":0,"comment_status":"closed","ping_status":"closed","template":"","meta":[],"_links":{"self":[{"href":"https:\/\/www.rodrigoleao.pt\/en\/wp-json\/wp\/v2\/pages\/2602"}],"collection":[{"href":"https:\/\/www.rodrigoleao.pt\/en\/wp-json\/wp\/v2\/pages"}],"about":[{"href":"https:\/\/www.rodrigoleao.pt\/en\/wp-json\/wp\/v2\/types\/page"}],"author":[{"embeddable":true,"href":"https:\/\/www.rodrigoleao.pt\/en\/wp-json\/wp\/v2\/users\/4"}],"replies":[{"embeddable":true,"href":"https:\/\/www.rodrigoleao.pt\/en\/wp-json\/wp\/v2\/comments?post=2602"}],"version-history":[{"count":12,"href":"https:\/\/www.rodrigoleao.pt\/en\/wp-json\/wp\/v2\/pages\/2602\/revisions"}],"predecessor-version":[{"id":3750,"href":"https:\/\/www.rodrigoleao.pt\/en\/wp-json\/wp\/v2\/pages\/2602\/revisions\/3750"}],"wp:attachment":[{"href":"https:\/\/www.rodrigoleao.pt\/en\/wp-json\/wp\/v2\/media?parent=2602"}],"curies":[{"name":"wp","href":"https:\/\/api.w.org\/{rel}","templated":true}]}}